{"id":47145,"date":"2026-03-23T22:04:19","date_gmt":"2026-03-23T19:04:19","guid":{"rendered":"https:\/\/studyodans.com\/?post_type=cpt_team&#038;p=47145"},"modified":"2026-03-23T22:09:51","modified_gmt":"2026-03-23T19:09:51","slug":"bilge-atasayar","status":"publish","type":"cpt_team","link":"https:\/\/studyodans.com\/en\/kadro\/bilge-atasayar\/","title":{"rendered":"Bilge Atasayar"},"content":{"rendered":"<div data-elementor-type=\"wp-post\" data-elementor-id=\"47145\" class=\"elementor elementor-47145\">\n\t\t\t\t\t\t<section class=\"elementor-section elementor-top-section elementor-element elementor-element-13e311af elementor-section-boxed elementor-section-height-default elementor-section-height-default sc_fly_static\" data-id=\"13e311af\" data-element_type=\"section\" data-e-type=\"section\">\n\t\t\t\t\t\t<div class=\"elementor-container elementor-column-gap-extended\">\n\t\t\t\t\t<div class=\"elementor-column elementor-col-100 elementor-top-column elementor-element elementor-element-441d266 sc_content_align_inherit sc_layouts_column_icons_position_left sc_fly_static\" data-id=\"441d266\" data-element_type=\"column\" data-e-type=\"column\">\n\t\t\t<div class=\"elementor-widget-wrap elementor-element-populated\">\n\t\t\t\t\t\t<div class=\"elementor-element elementor-element-d35f90f sc_fly_static elementor-widget elementor-widget-heading\" data-id=\"d35f90f\" data-element_type=\"widget\" data-e-type=\"widget\" data-widget_type=\"heading.default\">\n\t\t\t\t<div class=\"elementor-widget-container\">\n\t\t\t\t\t<h2 class=\"elementor-heading-title elementor-size-default\">\u00c7a\u011fda\u015f Modern Dans <\/br>\nBale<\/br>\nYoga <\/br><\/br>\n<\/h2>\t\t\t\t<\/div>\n\t\t\t\t<\/div>\n\t\t\t\t\t<\/div>\n\t\t<\/div>\n\t\t\t\t\t<\/div>\n\t\t<\/section>\n\t\t\t\t<section class=\"elementor-section elementor-top-section elementor-element elementor-element-251310bb elementor-section-boxed elementor-section-height-default elementor-section-height-default sc_fly_static\" data-id=\"251310bb\" data-element_type=\"section\" data-e-type=\"section\">\n\t\t\t\t\t\t<div class=\"elementor-container elementor-column-gap-extended\">\n\t\t\t\t\t<div class=\"elementor-column elementor-col-100 elementor-top-column elementor-element elementor-element-36419ac2 left_shift sc_content_align_inherit sc_layouts_column_icons_position_left sc_fly_static\" data-id=\"36419ac2\" data-element_type=\"column\" data-e-type=\"column\" data-settings=\"{&quot;background_background&quot;:&quot;classic&quot;}\">\n\t\t\t<div class=\"elementor-widget-wrap elementor-element-populated\">\n\t\t\t\t\t\t<section class=\"elementor-section elementor-inner-section elementor-element elementor-element-1e0baf2d scheme_default elementor-section-boxed elementor-section-height-default elementor-section-height-default sc_fly_static\" data-id=\"1e0baf2d\" data-element_type=\"section\" data-e-type=\"section\" data-settings=\"{&quot;background_background&quot;:&quot;classic&quot;}\">\n\t\t\t\t\t\t<div class=\"elementor-container elementor-column-gap-extended\">\n\t\t\t\t\t<div class=\"elementor-column elementor-col-100 elementor-inner-column elementor-element elementor-element-a86bb6d sc_content_align_inherit sc_layouts_column_icons_position_left sc_fly_static\" data-id=\"a86bb6d\" data-element_type=\"column\" data-e-type=\"column\">\n\t\t\t<div class=\"elementor-widget-wrap elementor-element-populated\">\n\t\t\t\t\t\t<div class=\"elementor-element elementor-element-ffc4929 sc_fly_static elementor-widget elementor-widget-text-editor\" data-id=\"ffc4929\" data-element_type=\"widget\" data-e-type=\"widget\" data-widget_type=\"text-editor.default\">\n\t\t\t\t<div class=\"elementor-widget-container\">\n\t\t\t\t\t\t\t\t\t<p>1988 y\u0131l\u0131nda Bursa\u2019da do\u011fdum. Lise \u00f6\u011frenimim s\u0131ras\u0131nda tiyatroyla tan\u0131\u015ft\u0131m. \u0130zmir\u2019de \u00f6zel bir tiyatroda oyunculuk e\u011fitimine ba\u015flad\u0131m. 2009 \u2013 2011 y\u0131llar\u0131nda e\u011fitim ald\u0131\u011f\u0131m tiyatroda oyuncu ve reji asistan\u0131 olarak \u00e7al\u0131\u015ft\u0131m. Oyunculuk e\u011fitimim s\u0131ras\u0131nda harekete ve m\u00fczi\u011fe ilgi duymaya ba\u015flad\u0131m. E\u011fitmenlerimin de y\u00f6nlendirmesiyle 2010 y\u0131l\u0131nda Ege \u00dcniversitesi, Devlet T\u00fcrk Musikisi Konservatuar\u0131, T\u00fcrk Halk Oyunlar\u0131 B\u00f6l\u00fcm\u00fc s\u0131nav\u0131n\u0131 kazanarak hayat\u0131ma dans\u0131 ve m\u00fczi\u011fi katt\u0131m.<\/p><p>Ege \u00dcniversitesi\u2019nde okurken ger\u00e7ekle\u015fen Dansa Davet Festivali s\u0131ras\u0131nda \u00e7a\u011fda\u015f I modern dansla tan\u0131\u015ft\u0131m ve profesyonel kariyerimde bu y\u00f6nde ilerlemeye karar verdim.<\/p><p>2013 y\u0131l\u0131nda T\u00fcrk Halk Oyunlar\u0131 B\u00f6l\u00fcm\u00fc\u2019nden \u00f6n lisans\u0131m\u0131 alarak mezun oldum ve Mimar Sinan G\u00fczel Sanatlar \u00dcniversitesi, \u0130stanbul Devlet Konservatuvar\u0131, \u00c7a\u011fda\u015f Dans Anasanat Dal\u0131 s\u0131nav\u0131n\u0131 kazanarak hayat\u0131m\u0131n y\u00f6n\u00fcn\u00fc de\u011fi\u015ftirdim.<\/p><p>\u00dcniversite d\u00f6nemimde yurti\u00e7i ve yurtd\u0131\u015f\u0131nda bir \u00e7ok festivalde \u00e7e\u015fitli at\u00f6lyelere kat\u0131l\u0131p, bir \u00e7ok farkl\u0131 e\u011fitmenden farkl\u0131 teknik dersler alarak ki\u015fisel geli\u015fimimi okul d\u0131\u015f\u0131nda da destekledim.\u00a0<\/p><p>2017 y\u0131l\u0131nda b\u00f6l\u00fcm\u00fcmden onur derecesiyle mezun oldum. Ayn\u0131 y\u0131l \u0130stanbul Devlet Tiyatrosu\u2019nda dans\u00e7\u0131 olarak \u00e7al\u0131\u015fmaya ba\u015flad\u0131m ve ba\u011f\u0131ms\u0131z yabanc\u0131 koreograflar\u0131n i\u015flerinde dans\u00e7\u0131 olarak yer ald\u0131m. Bedenle olan ili\u015fkimi derinle\u015ftirmek ve farkl\u0131 bak\u0131\u015f a\u00e7\u0131lar\u0131 kazanmak ad\u0131na Rana Ortan ile yapt\u0131\u011f\u0131m vinyasa yoga pratiklerini 200 saatlik temel yoga hocal\u0131k e\u011fitimi ile destekledim. 2018 y\u0131l\u0131nda \u00f6zel olarak grup dans dersleri vermeye ba\u015flad\u0131m ve bu dersler St\u00fcdyo\u2019nun kurulmas\u0131na vesile oldu.<\/p><p>\u015eu anda Milli E\u011fitim Bakanl\u0131\u011f\u0131na ba\u011fl\u0131 \u00d6zel St\u00fcdyo Dans ve Bale Kursu\u2019nun kurucu m\u00fcd\u00fcrl\u00fc\u011f\u00fcn\u00fc yapmakta, St\u00fcdyo\u2019nun d\u00fczenli olarak \u00c7a\u011fda\u015f I Modern Dans ve Bale derslerinin e\u011fitmenli\u011fini s\u00fcrd\u00fcrmekteyim. M.E.B \u00d6zel Ante Akademi Sanat Kursu\u2019nda \u2018Oyuncular \u0130\u00e7in Hareket ve Beden Fark\u0131ndal\u0131\u011f\u0131\u2019 derslerim de devam etmekte.<\/p><p>Ba\u011f\u0131ms\u0131z koreograflarla dans\u00e7\u0131 olarak \u00e7al\u0131\u015fmakta, yurti\u00e7i ve yurtd\u0131\u015f\u0131nda alan\u0131mdaki geli\u015fmeleri yak\u0131ndan takip ederek, kendi geli\u015fimimi s\u00fcrd\u00fcrmekteyim.<\/p>\t\t\t\t\t\t\t\t<\/div>\n\t\t\t\t<\/div>\n\t\t\t\t\t<\/div>\n\t\t<\/div>\n\t\t\t\t\t<\/div>\n\t\t<\/section>\n\t\t\t\t\t<\/div>\n\t\t<\/div>\n\t\t\t\t\t<\/div>\n\t\t<\/section>\n\t\t\t\t<\/div>","protected":false},"excerpt":{"rendered":"<p>\u00c7a\u011fda\u015f Modern Dans Bale Yoga 1988 y\u0131l\u0131nda Bursa\u2019da do\u011fdum. Lise \u00f6\u011frenimim s\u0131ras\u0131nda tiyatroyla tan\u0131\u015ft\u0131m. \u0130zmir\u2019de \u00f6zel bir tiyatroda oyunculuk e\u011fitimine ba\u015flad\u0131m. 2009 \u2013 2011 y\u0131llar\u0131nda e\u011fitim ald\u0131\u011f\u0131m tiyatroda oyuncu ve&hellip;<\/p>","protected":false},"author":489,"featured_media":46218,"comment_status":"closed","ping_status":"closed","template":"","cpt_team_group":[216],"class_list":["post-47145","cpt_team","type-cpt_team","status-publish","has-post-thumbnail","hentry","cpt_team_group-studyo"],"_links":{"self":[{"href":"https:\/\/studyodans.com\/en\/wp-json\/wp\/v2\/cpt_team\/47145","targetHints":{"allow":["GET"]}}],"collection":[{"href":"https:\/\/studyodans.com\/en\/wp-json\/wp\/v2\/cpt_team"}],"about":[{"href":"https:\/\/studyodans.com\/en\/wp-json\/wp\/v2\/types\/cpt_team"}],"author":[{"embeddable":true,"href":"https:\/\/studyodans.com\/en\/wp-json\/wp\/v2\/users\/489"}],"replies":[{"embeddable":true,"href":"https:\/\/studyodans.com\/en\/wp-json\/wp\/v2\/comments?post=47145"}],"version-history":[{"count":0,"href":"https:\/\/studyodans.com\/en\/wp-json\/wp\/v2\/cpt_team\/47145\/revisions"}],"wp:featuredmedia":[{"embeddable":true,"href":"https:\/\/studyodans.com\/en\/wp-json\/wp\/v2\/media\/46218"}],"wp:attachment":[{"href":"https:\/\/studyodans.com\/en\/wp-json\/wp\/v2\/media?parent=47145"}],"wp:term":[{"taxonomy":"cpt_team_group","embeddable":true,"href":"https:\/\/studyodans.com\/en\/wp-json\/wp\/v2\/cpt_team_group?post=47145"}],"curies":[{"name":"wp","href":"https:\/\/api.w.org\/{rel}","templated":true}]}}