{"id":47120,"date":"2026-03-21T19:18:13","date_gmt":"2026-03-21T16:18:13","guid":{"rendered":"https:\/\/studyodans.com\/?post_type=cpt_portfolio&#038;p=47120"},"modified":"2026-03-21T19:38:21","modified_gmt":"2026-03-21T16:38:21","slug":"kabugu-biraktigin-yer","status":"publish","type":"cpt_portfolio","link":"https:\/\/studyodans.com\/en\/proje\/kabugu-biraktigin-yer\/","title":{"rendered":"Kabu\u011fu B\u0131rakt\u0131\u011f\u0131n Yer"},"content":{"rendered":"<h3 class=\"wp-block-heading\"><strong>St\u00fcdyo Dans Toplulu\u011fu: Perde A\u00e7\u0131l\u0131yor \u00c7a\u011fda\u015f Dans G\u00f6sterisi<\/strong><\/h3>\n\n\n\n<p>St\u00fcdyo Dans Toplulu\u011fu ilk g\u00f6sterisiyle izleyiciyle bulu\u015fuyor. \u00dc\u00e7 eserden olu\u015fan bu ak\u015fam, farkl\u0131 anlat\u0131lar\u0131n bir araya geldi\u011fi bir sahne sunuyor. Bu g\u00f6steri, toplulu\u011fun sahnedeki yolculu\u011funun ba\u015flang\u0131c\u0131.<\/p>\n\n\n\n<p><strong>KABU\u011eU BIRAKTI\u011eIN YER<\/strong><\/p>\n\n\n\n<p>Bu anlat\u0131, d\u0131\u015favurulan g\u00fc\u00e7 ile i\u00e7sel k\u0131r\u0131lganl\u0131k aras\u0131ndaki kar\u015f\u0131tl\u0131\u011f\u0131 sorgular. Ger\u00e7ek g\u00fcc\u00fcn yaln\u0131zca kendi ba\u015f\u0131na ayakta kalmaktan de\u011fil, d\u00fc\u015f\u00fc\u015fe m\u00fcsaade etmekten ve bir ba\u015fkas\u0131n\u0131n deste\u011fiyle yeniden y\u00fckselmekten do\u011fdu\u011funu anlat\u0131r. D\u00fc\u015fmek, destek olmak ve yan\u0131ndakini ger\u00e7ekten g\u00f6rmek ortak bir sorumluluktur. Maskelerimizi b\u0131rakt\u0131\u011f\u0131m\u0131z, pozlar\u0131m\u0131zdan s\u0131yr\u0131ld\u0131\u011f\u0131m\u0131z ve birbirimizin a\u011f\u0131rl\u0131\u011f\u0131n\u0131 ta\u015f\u0131maya cesaret etti\u011fimiz anlar sahici hale gelir.<\/p>\n\n\n\n<p><strong>Koreograf:&nbsp;<\/strong>Ece G\u00fcl<br><strong>Sanatsal Dan\u0131\u015fman:&nbsp;<\/strong>Ezgi \u00c7anakl\u0131 \u015eahin<br><strong>Yarat\u0131c\u0131 Dans\u00e7\u0131lar:&nbsp;<\/strong>Beste Erdem, Defne Akbulut, Ebru E\u015f, Gamze \u00d6zt\u00fcrk, Gizem D\u00f6nmez<\/p>\n\n\n\n<p><strong>DI\u015eARIDA AMA \u0130\u00c7ER\u0130DE<\/strong><\/p>\n\n\n\n<p>Her bir kurdeleyi olu\u015fturan ince iplikler, kar\u015f\u0131ma \u00e7\u0131kan olas\u0131l\u0131klar\u0131n minimal bir sembol\u00fcd\u00fcr. 600 metre kurdele kullanarak in\u015fa etti\u011fim bu yap\u0131, hareketimi manip\u00fcle eden, s\u0131n\u0131rlar yarat\u0131p onlar\u0131 a\u015fma imk\u00e2n\u0131 tan\u0131yan bir e\u015flik\u00e7idir. Bu performans\u0131n matematiksel omurgas\u0131, i\u00e7e \u00e7ekilme ve d\u0131\u015fa yay\u0131lma aksiyonlar\u0131n\u0131n bir y\u00f6r\u00fcnge h\u00e2linde organize edilmesine dayan\u0131r. D\u0131\u015far\u0131dayken i\u00e7eride olma h\u00e2li, i\u00e7erideyken d\u0131\u015far\u0131y\u0131 izleme ser\u00fcveni hem mental hem fiziksel olarak kendi yaratt\u0131\u011f\u0131n s\u0131n\u0131rlar\u0131 a\u015fma itkisini do\u011furur. Bu performans, bedenin hem \u00f6zne hem nesne oldu\u011fu bir varolu\u015f alan\u0131 yarat\u0131r.<\/p>\n\n\n\n<p><strong>Konsept &amp; Koreograf:&nbsp;<\/strong>Ece G\u00fcl<br><strong>Performans:<\/strong>&nbsp;Ece G\u00fcl<br><strong>M\u00fczik Performans:&nbsp;<\/strong>Tar\u0131k B\u00fclb\u00fcl<\/p>\n\n\n\n<p><br><strong>BEN ORADAYDIM<\/strong><\/p>\n\n\n\n<p>Ya\u015fam\u0131n ba\u015flang\u0131c\u0131 ile sonu aras\u0131ndaki o g\u00f6r\u00fcnmez yolda neler ya\u015fan\u0131r bilinmez. Kesinlikle bildi\u011fimiz yaln\u0131zca iki an vard\u0131r: ho\u015f geldin ve ho\u015f\u00e7a kal an\u0131.<\/p>\n\n\n\n<p>Hastane odas\u0131na gelen insanlar\u0131n \u00e7oklu\u011fu, sanki ne kadar \u2018var oldu\u011funun\u2019 bir i\u015fareti gibidir. Ve sen g\u00f6rmesen de, cenazene gelenlerin \u00e7oklu\u011fu; yan\u0131nda g\u00f6t\u00fcrd\u00fc\u011f\u00fcn kalplerin sessiz bir izidir.<\/p>\n\n\n\n<p>Arada neler ya\u015fand\u0131\u011f\u0131n\u0131 kimse tam olarak bilemez. Ama birinin hayat\u0131na dokunabildiysek i\u00e7imizden tek bir c\u00fcmle ge\u00e7er; \u201coradayd\u0131m\u201d<\/p>\n\n\n\n<p>Balonlar\u0131n u\u00e7tu\u011fu anda da<\/p>\n\n\n\n<p>\u00e7i\u00e7eklerin a\u00e7t\u0131\u011f\u0131 anda da<\/p>\n\n\n\n<p>ben oradayd\u0131m.<\/p>\n\n\n\n<p><strong>Konsept &amp; Koreograf:<\/strong>&nbsp;Ezgi \u00c7anakl\u0131 \u015eahin<br><strong>Ses &amp; M\u00fczik Tasar\u0131m:&nbsp;<\/strong>Aytu\u011f Erdil<br><strong>Yarat\u0131c\u0131 Dans\u00e7\u0131lar:&nbsp;<\/strong>Defne Akbulut, Ebru E\u015f, Filiz \u00c7ak\u0131r, Gamze \u00d6zt\u00fcrk, Gizem D\u00f6nmez, G\u00f6ksu De\u011fer, Kardelen Erayd\u0131n, Maya Rojin Ya\u015far, \u015e\u00fckran \u00c7akmak<\/p>\n\n\n\n<p><strong>Ya\u015f S\u0131n\u0131r\u0131<\/strong>\u00a014+<\/p>\n\n\n\n<p><strong>Etkinlik T\u00fcr\u00fc<\/strong>\u00a0\u00c7a\u011fda\u015f Dans G\u00f6sterisi<\/p>\n\n\n\n<p><strong>S\u00fcre<\/strong>\u00a070 dakika<\/p>","protected":false},"excerpt":{"rendered":"<p>St\u00fcdyo Dans Toplulu\u011fu: Perde A\u00e7\u0131l\u0131yor \u00c7a\u011fda\u015f Dans G\u00f6sterisi St\u00fcdyo Dans Toplulu\u011fu ilk g\u00f6sterisiyle izleyiciyle bulu\u015fuyor. \u00dc\u00e7 eserden olu\u015fan bu ak\u015fam, farkl\u0131 anlat\u0131lar\u0131n bir araya geldi\u011fi bir sahne sunuyor. Bu g\u00f6steri,&hellip;<\/p>","protected":false},"author":489,"featured_media":47123,"comment_status":"closed","ping_status":"closed","template":"","cpt_portfolio_group":[243],"class_list":["post-47120","cpt_portfolio","type-cpt_portfolio","status-publish","has-post-thumbnail","hentry","cpt_portfolio_group-projeler"],"_links":{"self":[{"href":"https:\/\/studyodans.com\/en\/wp-json\/wp\/v2\/cpt_portfolio\/47120","targetHints":{"allow":["GET"]}}],"collection":[{"href":"https:\/\/studyodans.com\/en\/wp-json\/wp\/v2\/cpt_portfolio"}],"about":[{"href":"https:\/\/studyodans.com\/en\/wp-json\/wp\/v2\/types\/cpt_portfolio"}],"author":[{"embeddable":true,"href":"https:\/\/studyodans.com\/en\/wp-json\/wp\/v2\/users\/489"}],"replies":[{"embeddable":true,"href":"https:\/\/studyodans.com\/en\/wp-json\/wp\/v2\/comments?post=47120"}],"version-history":[{"count":0,"href":"https:\/\/studyodans.com\/en\/wp-json\/wp\/v2\/cpt_portfolio\/47120\/revisions"}],"wp:featuredmedia":[{"embeddable":true,"href":"https:\/\/studyodans.com\/en\/wp-json\/wp\/v2\/media\/47123"}],"wp:attachment":[{"href":"https:\/\/studyodans.com\/en\/wp-json\/wp\/v2\/media?parent=47120"}],"wp:term":[{"taxonomy":"cpt_portfolio_group","embeddable":true,"href":"https:\/\/studyodans.com\/en\/wp-json\/wp\/v2\/cpt_portfolio_group?post=47120"}],"curies":[{"name":"wp","href":"https:\/\/api.w.org\/{rel}","templated":true}]}}